{"id":12233,"date":"2025-05-27T13:27:46","date_gmt":"2025-05-27T13:27:46","guid":{"rendered":"https:\/\/comarcas.csm.org.pt\/viseu\/?page_id=12233"},"modified":"2025-05-28T15:30:53","modified_gmt":"2025-05-28T15:30:53","slug":"tondela","status":"publish","type":"page","link":"https:\/\/comarcas.csm.org.pt\/viseu\/acomarca\/tondela\/","title":{"rendered":"Tondela"},"content":{"rendered":"\t\t<div data-elementor-type=\"wp-page\" data-elementor-id=\"12233\" class=\"elementor elementor-12233\" data-elementor-post-type=\"page\">\n\t\t\t\t<div class=\"elementor-element elementor-element-7df2f61 e-flex e-con-boxed e-con e-parent\" data-id=\"7df2f61\" data-element_type=\"container\">\n\t\t\t\t\t<div class=\"e-con-inner\">\n\t\t<div class=\"elementor-element elementor-element-96bbd00 e-con-full e-flex e-con e-child\" data-id=\"96bbd00\" data-element_type=\"container\">\n\t\t\t\t<div class=\"elementor-element elementor-element-234a8e4 elementor-widget elementor-widget-heading\" data-id=\"234a8e4\" data-element_type=\"widget\" data-widget_type=\"heading.default\">\n\t\t\t\t<div class=\"elementor-widget-container\">\n\t\t\t\t\t<h2 class=\"elementor-heading-title elementor-size-default\">Ju\u00edzo de Compet\u00eancia Gen\u00e9rica de Tondela<\/h2>\t\t\t\t<\/div>\n\t\t\t\t<\/div>\n\t\t\t\t<\/div>\n\t\t<div class=\"elementor-element elementor-element-c3958c5 e-con-full e-flex e-con e-child\" data-id=\"c3958c5\" data-element_type=\"container\">\n\t\t\t\t<div class=\"elementor-element elementor-element-1d94b24 elementor-widget elementor-widget-text-editor\" data-id=\"1d94b24\" data-element_type=\"widget\" data-widget_type=\"text-editor.default\">\n\t\t\t\t<div class=\"elementor-widget-container\">\n\t\t\t\t\t\t\t\t\t<h6>Morada:\u00a0Pal\u00e1cio da Justi\u00e7a &#8211; Largo Dr. Anselmo Ferraz de Carvalho &#8211; 3464-002 Tondela<br \/>Telefone: 232814280<br \/>email: <a href=\"mailto:tondela.judicial@tribunais.org.pt\"><span style=\"text-decoration: underline\"><span style=\"color: #0000ff;text-decoration: underline\">tondela.judicial@tribunais.org.pt<\/span><\/span><\/a><\/h6><h6>Compet\u00eancia Territorial: Munic\u00edpio de Tondela<\/h6>\t\t\t\t\t\t\t\t<\/div>\n\t\t\t\t<\/div>\n\t\t\t\t<\/div>\n\t\t\t\t\t<\/div>\n\t\t\t\t<\/div>\n\t\t<div class=\"elementor-element elementor-element-f0203f3 e-flex e-con-boxed e-con e-parent\" data-id=\"f0203f3\" data-element_type=\"container\">\n\t\t\t\t\t<div class=\"e-con-inner\">\n\t\t\t\t<div class=\"elementor-element elementor-element-f2f2e69 elementor-widget elementor-widget-google_maps\" data-id=\"f2f2e69\" data-element_type=\"widget\" data-widget_type=\"google_maps.default\">\n\t\t\t\t<div class=\"elementor-widget-container\">\n\t\t\t\t\t\t\t<div class=\"elementor-custom-embed\">\n\t\t\t<iframe loading=\"lazy\"\n\t\t\t\t\tsrc=\"https:\/\/www.google.com\/maps\/embed\/v1\/place?key=AIzaSyDhSoLeftGxfg7Tvco7SEUCY-Cc_XLDY3c&#038;q=%20Pal%C3%A1cio%20da%20Justi%C3%A7a%20-%20Largo%20Dr.%20Anselmo%20Ferraz%20de%20Carvalho%20-%203464-002%20Tondela%20%20Telefone%3A%20232814280%20%20Fax%3A%20232091519%20%20email%3A%20tondela.judicial%40tribunais.org.pt%20%20Compet%C3%AAncia%20Territorial%3A%20%20%20%20%20%20%20munic%C3%ADpio%20de%20Tondela&#038;zoom=10\"\n\t\t\t\t\ttitle=\" Pal\u00e1cio da Justi\u00e7a - Largo Dr. Anselmo Ferraz de Carvalho - 3464-002 Tondela  Telefone: 232814280  Fax: 232091519  email: tondela.judicial@tribunais.org.pt  Compet\u00eancia Territorial:       munic\u00edpio de Tondela\"\n\t\t\t\t\taria-label=\" Pal\u00e1cio da Justi\u00e7a - Largo Dr. Anselmo Ferraz de Carvalho - 3464-002 Tondela  Telefone: 232814280  Fax: 232091519  email: tondela.judicial@tribunais.org.pt  Compet\u00eancia Territorial:       munic\u00edpio de Tondela\"\n\t\t\t><\/iframe>\n\t\t<\/div>\n\t\t\t\t\t\t<\/div>\n\t\t\t\t<\/div>\n\t\t\t\t\t<\/div>\n\t\t\t\t<\/div>\n\t\t\t\t<\/div>\n\t\t","protected":false},"excerpt":{"rendered":"<p>Ju\u00edzo de Compet\u00eancia Gen\u00e9rica de Tondela Morada:\u00a0Pal\u00e1cio da Justi\u00e7a &#8211; Largo Dr. Anselmo Ferraz de Carvalho &#8211; 3464-002 TondelaTelefone: 232814280email: tondela.judicial@tribunais.org.pt Compet\u00eancia Territorial: Munic\u00edpio de Tondela<\/p>\n","protected":false},"author":26,"featured_media":0,"parent":2242,"menu_order":0,"comment_status":"closed","ping_status":"closed","template":"","meta":{"_tbt_post_transparent":"","_tbt_post_title":"","_tbt_post_layout":"default","_tbt_post_sidebar_id":"","_tbt_post_content_style":"","_tbt_post_vertical_padding":"","_tbt_post_feature":"","_tbt_post_feature_position":"","_tbt_post_header":false,"_tbt_post_footer":false},"class_list":["post-12233","page","type-page","status-publish","hentry"],"yoast_head":"<!-- This site is optimized with the Yoast SEO plugin v25.6 - https:\/\/yoast.com\/wordpress\/plugins\/seo\/ -->\n<title>Tondela - Tribunal Judicial da Comarca de Viseu<\/title>\n<meta name=\"robots\" content=\"index, follow, max-snippet:-1, max-image-preview:large, max-video-preview:-1\" \/>\n<link rel=\"canonical\" href=\"https:\/\/comarcas.csm.org.pt\/viseu\/acomarca\/tondela\/\" \/>\n<meta property=\"og:locale\" content=\"pt_PT\" \/>\n<meta property=\"og:type\" content=\"article\" \/>\n<meta property=\"og:title\" content=\"Tondela - Tribunal Judicial da Comarca de Viseu\" \/>\n<meta property=\"og:description\" content=\"Ju\u00edzo de Compet\u00eancia Gen\u00e9rica de Tondela Morada:\u00a0Pal\u00e1cio da Justi\u00e7a &#8211; Largo Dr. Anselmo Ferraz de Carvalho &#8211; 3464-002 TondelaTelefone: 232814280email: tondela.judicial@tribunais.org.pt Compet\u00eancia Territorial: Munic\u00edpio de Tondela\" \/>\n<meta property=\"og:url\" content=\"https:\/\/comarcas.csm.org.pt\/viseu\/acomarca\/tondela\/\" \/>\n<meta property=\"og:site_name\" content=\"Tribunal Judicial da Comarca de Viseu\" \/>\n<meta property=\"article:modified_time\" content=\"2025-05-28T15:30:53+00:00\" \/>\n<meta name=\"twitter:card\" content=\"summary_large_image\" \/>\n<meta name=\"twitter:label1\" content=\"Tempo estimado de leitura\" \/>\n\t<meta name=\"twitter:data1\" content=\"1 minuto\" \/>\n<script type=\"application\/ld+json\" class=\"yoast-schema-graph\">{\"@context\":\"https:\/\/schema.org\",\"@graph\":[{\"@type\":\"WebPage\",\"@id\":\"https:\/\/comarcas.csm.org.pt\/viseu\/acomarca\/tondela\/\",\"url\":\"https:\/\/comarcas.csm.org.pt\/viseu\/acomarca\/tondela\/\",\"name\":\"Tondela - Tribunal Judicial da Comarca de Viseu\",\"isPartOf\":{\"@id\":\"https:\/\/comarcas.csm.org.pt\/viseu\/#website\"},\"datePublished\":\"2025-05-27T13:27:46+00:00\",\"dateModified\":\"2025-05-28T15:30:53+00:00\",\"breadcrumb\":{\"@id\":\"https:\/\/comarcas.csm.org.pt\/viseu\/acomarca\/tondela\/#breadcrumb\"},\"inLanguage\":\"pt-PT\",\"potentialAction\":[{\"@type\":\"ReadAction\",\"target\":[\"https:\/\/comarcas.csm.org.pt\/viseu\/acomarca\/tondela\/\"]}]},{\"@type\":\"BreadcrumbList\",\"@id\":\"https:\/\/comarcas.csm.org.pt\/viseu\/acomarca\/tondela\/#breadcrumb\",\"itemListElement\":[{\"@type\":\"ListItem\",\"position\":1,\"name\":\"In\u00edcio\",\"item\":\"https:\/\/comarcas.csm.org.pt\/viseu\/\"},{\"@type\":\"ListItem\",\"position\":2,\"name\":\"A Comarca\",\"item\":\"https:\/\/comarcas.csm.org.pt\/viseu\/acomarca\/\"},{\"@type\":\"ListItem\",\"position\":3,\"name\":\"Tondela\"}]},{\"@type\":\"WebSite\",\"@id\":\"https:\/\/comarcas.csm.org.pt\/viseu\/#website\",\"url\":\"https:\/\/comarcas.csm.org.pt\/viseu\/\",\"name\":\"Tribunal Judicial da Comarca de Viseu\",\"description\":\"Tribunal Judicial da Comarca de Aveiro\",\"publisher\":{\"@id\":\"https:\/\/comarcas.csm.org.pt\/viseu\/#organization\"},\"potentialAction\":[{\"@type\":\"SearchAction\",\"target\":{\"@type\":\"EntryPoint\",\"urlTemplate\":\"https:\/\/comarcas.csm.org.pt\/viseu\/?s={search_term_string}\"},\"query-input\":{\"@type\":\"PropertyValueSpecification\",\"valueRequired\":true,\"valueName\":\"search_term_string\"}}],\"inLanguage\":\"pt-PT\"},{\"@type\":\"Organization\",\"@id\":\"https:\/\/comarcas.csm.org.pt\/viseu\/#organization\",\"name\":\"Tribunal Judicial da Comarca de Viseu\",\"url\":\"https:\/\/comarcas.csm.org.pt\/viseu\/\",\"logo\":{\"@type\":\"ImageObject\",\"inLanguage\":\"pt-PT\",\"@id\":\"https:\/\/comarcas.csm.org.pt\/viseu\/#\/schema\/logo\/image\/\",\"url\":\"https:\/\/comarcas.csm.org.pt\/viseu\/wp-content\/uploads\/sites\/27\/2024\/11\/Viseu_positivo-horizontal.png\",\"contentUrl\":\"https:\/\/comarcas.csm.org.pt\/viseu\/wp-content\/uploads\/sites\/27\/2024\/11\/Viseu_positivo-horizontal.png\",\"width\":4331,\"height\":999,\"caption\":\"Tribunal Judicial da Comarca de Viseu\"},\"image\":{\"@id\":\"https:\/\/comarcas.csm.org.pt\/viseu\/#\/schema\/logo\/image\/\"}}]}<\/script>\n<!-- \/ Yoast SEO plugin. -->","yoast_head_json":{"title":"Tondela - Tribunal Judicial da Comarca de Viseu","robots":{"index":"index","follow":"follow","max-snippet":"max-snippet:-1","max-image-preview":"max-image-preview:large","max-video-preview":"max-video-preview:-1"},"canonical":"https:\/\/comarcas.csm.org.pt\/viseu\/acomarca\/tondela\/","og_locale":"pt_PT","og_type":"article","og_title":"Tondela - Tribunal Judicial da Comarca de Viseu","og_description":"Ju\u00edzo de Compet\u00eancia Gen\u00e9rica de Tondela Morada:\u00a0Pal\u00e1cio da Justi\u00e7a &#8211; Largo Dr. Anselmo Ferraz de Carvalho &#8211; 3464-002 TondelaTelefone: 232814280email: tondela.judicial@tribunais.org.pt Compet\u00eancia Territorial: Munic\u00edpio de Tondela","og_url":"https:\/\/comarcas.csm.org.pt\/viseu\/acomarca\/tondela\/","og_site_name":"Tribunal Judicial da Comarca de Viseu","article_modified_time":"2025-05-28T15:30:53+00:00","twitter_card":"summary_large_image","twitter_misc":{"Tempo estimado de leitura":"1 minuto"},"schema":{"@context":"https:\/\/schema.org","@graph":[{"@type":"WebPage","@id":"https:\/\/comarcas.csm.org.pt\/viseu\/acomarca\/tondela\/","url":"https:\/\/comarcas.csm.org.pt\/viseu\/acomarca\/tondela\/","name":"Tondela - Tribunal Judicial da Comarca de Viseu","isPartOf":{"@id":"https:\/\/comarcas.csm.org.pt\/viseu\/#website"},"datePublished":"2025-05-27T13:27:46+00:00","dateModified":"2025-05-28T15:30:53+00:00","breadcrumb":{"@id":"https:\/\/comarcas.csm.org.pt\/viseu\/acomarca\/tondela\/#breadcrumb"},"inLanguage":"pt-PT","potentialAction":[{"@type":"ReadAction","target":["https:\/\/comarcas.csm.org.pt\/viseu\/acomarca\/tondela\/"]}]},{"@type":"BreadcrumbList","@id":"https:\/\/comarcas.csm.org.pt\/viseu\/acomarca\/tondela\/#breadcrumb","itemListElement":[{"@type":"ListItem","position":1,"name":"In\u00edcio","item":"https:\/\/comarcas.csm.org.pt\/viseu\/"},{"@type":"ListItem","position":2,"name":"A Comarca","item":"https:\/\/comarcas.csm.org.pt\/viseu\/acomarca\/"},{"@type":"ListItem","position":3,"name":"Tondela"}]},{"@type":"WebSite","@id":"https:\/\/comarcas.csm.org.pt\/viseu\/#website","url":"https:\/\/comarcas.csm.org.pt\/viseu\/","name":"Tribunal Judicial da Comarca de Viseu","description":"Tribunal Judicial da Comarca de Aveiro","publisher":{"@id":"https:\/\/comarcas.csm.org.pt\/viseu\/#organization"},"potentialAction":[{"@type":"SearchAction","target":{"@type":"EntryPoint","urlTemplate":"https:\/\/comarcas.csm.org.pt\/viseu\/?s={search_term_string}"},"query-input":{"@type":"PropertyValueSpecification","valueRequired":true,"valueName":"search_term_string"}}],"inLanguage":"pt-PT"},{"@type":"Organization","@id":"https:\/\/comarcas.csm.org.pt\/viseu\/#organization","name":"Tribunal Judicial da Comarca de Viseu","url":"https:\/\/comarcas.csm.org.pt\/viseu\/","logo":{"@type":"ImageObject","inLanguage":"pt-PT","@id":"https:\/\/comarcas.csm.org.pt\/viseu\/#\/schema\/logo\/image\/","url":"https:\/\/comarcas.csm.org.pt\/viseu\/wp-content\/uploads\/sites\/27\/2024\/11\/Viseu_positivo-horizontal.png","contentUrl":"https:\/\/comarcas.csm.org.pt\/viseu\/wp-content\/uploads\/sites\/27\/2024\/11\/Viseu_positivo-horizontal.png","width":4331,"height":999,"caption":"Tribunal Judicial da Comarca de Viseu"},"image":{"@id":"https:\/\/comarcas.csm.org.pt\/viseu\/#\/schema\/logo\/image\/"}}]}},"_links":{"self":[{"href":"https:\/\/comarcas.csm.org.pt\/viseu\/wp-json\/wp\/v2\/pages\/12233","targetHints":{"allow":["GET"]}}],"collection":[{"href":"https:\/\/comarcas.csm.org.pt\/viseu\/wp-json\/wp\/v2\/pages"}],"about":[{"href":"https:\/\/comarcas.csm.org.pt\/viseu\/wp-json\/wp\/v2\/types\/page"}],"author":[{"embeddable":true,"href":"https:\/\/comarcas.csm.org.pt\/viseu\/wp-json\/wp\/v2\/users\/26"}],"replies":[{"embeddable":true,"href":"https:\/\/comarcas.csm.org.pt\/viseu\/wp-json\/wp\/v2\/comments?post=12233"}],"version-history":[{"count":7,"href":"https:\/\/comarcas.csm.org.pt\/viseu\/wp-json\/wp\/v2\/pages\/12233\/revisions"}],"predecessor-version":[{"id":12383,"href":"https:\/\/comarcas.csm.org.pt\/viseu\/wp-json\/wp\/v2\/pages\/12233\/revisions\/12383"}],"up":[{"embeddable":true,"href":"https:\/\/comarcas.csm.org.pt\/viseu\/wp-json\/wp\/v2\/pages\/2242"}],"wp:attachment":[{"href":"https:\/\/comarcas.csm.org.pt\/viseu\/wp-json\/wp\/v2\/media?parent=12233"}],"curies":[{"name":"wp","href":"https:\/\/api.w.org\/{rel}","templated":true}]}}