{"id":12241,"date":"2025-05-27T14:02:29","date_gmt":"2025-05-27T14:02:29","guid":{"rendered":"https:\/\/comarcas.csm.org.pt\/viseu\/?page_id=12241"},"modified":"2025-05-28T14:54:35","modified_gmt":"2025-05-28T14:54:35","slug":"viseu","status":"publish","type":"page","link":"https:\/\/comarcas.csm.org.pt\/viseu\/acomarca\/viseu\/","title":{"rendered":"Viseu"},"content":{"rendered":"\t\t<div data-elementor-type=\"wp-page\" data-elementor-id=\"12241\" class=\"elementor elementor-12241\" data-elementor-post-type=\"page\">\n\t\t\t\t<div class=\"elementor-element elementor-element-7df2f61 e-flex e-con-boxed e-con e-parent\" data-id=\"7df2f61\" data-element_type=\"container\">\n\t\t\t\t\t<div class=\"e-con-inner\">\n\t\t<div class=\"elementor-element elementor-element-96bbd00 e-con-full e-flex e-con e-child\" data-id=\"96bbd00\" data-element_type=\"container\">\n\t\t\t\t<div class=\"elementor-element elementor-element-234a8e4 elementor-widget__width-initial elementor-widget elementor-widget-heading\" data-id=\"234a8e4\" data-element_type=\"widget\" data-widget_type=\"heading.default\">\n\t\t\t\t<div class=\"elementor-widget-container\">\n\t\t\t\t\t<h2 class=\"elementor-heading-title elementor-size-default\"> Ju\u00edzo Central C\u00edvel de Viseu<\/h2>\t\t\t\t<\/div>\n\t\t\t\t<\/div>\n\t\t\t\t<\/div>\n\t\t<div class=\"elementor-element elementor-element-c3958c5 e-con-full e-flex e-con e-child\" data-id=\"c3958c5\" data-element_type=\"container\">\n\t\t\t\t<div class=\"elementor-element elementor-element-1d94b24 elementor-widget elementor-widget-text-editor\" data-id=\"1d94b24\" data-element_type=\"widget\" data-widget_type=\"text-editor.default\">\n\t\t\t\t<div class=\"elementor-widget-container\">\n\t\t\t\t\t\t\t\t\t<h6>Morada:\u00a0Pal\u00e1cio da Justi\u00e7a , Av. da Europa &#8211; 3514-506 Viseu<br \/>Telefone: 232427000<br \/>email: <a href=\"mailto:viseu.centralcivel@tribunais.org.pt\"><span style=\"text-decoration: underline\"><span style=\"color: #0000ff;text-decoration: underline\">viseu.centralcivel@tribunais.org.pt<\/span><\/span><\/a><\/h6><h6>Compet\u00eancia Territorial: Distrito de Viseu<\/h6>\t\t\t\t\t\t\t\t<\/div>\n\t\t\t\t<\/div>\n\t\t\t\t<\/div>\n\t\t\t\t\t<\/div>\n\t\t\t\t<\/div>\n\t\t<div class=\"elementor-element elementor-element-3cab613 e-flex e-con-boxed e-con e-parent\" data-id=\"3cab613\" data-element_type=\"container\">\n\t\t\t\t\t<div class=\"e-con-inner\">\n\t\t<div class=\"elementor-element elementor-element-1d9fa12 e-con-full e-flex e-con e-child\" data-id=\"1d9fa12\" data-element_type=\"container\">\n\t\t\t\t<div class=\"elementor-element elementor-element-f9203bb elementor-widget__width-initial elementor-widget elementor-widget-heading\" data-id=\"f9203bb\" data-element_type=\"widget\" data-widget_type=\"heading.default\">\n\t\t\t\t<div class=\"elementor-widget-container\">\n\t\t\t\t\t<h2 class=\"elementor-heading-title elementor-size-default\"> Ju\u00edzo Central Criminal de Viseu<\/h2>\t\t\t\t<\/div>\n\t\t\t\t<\/div>\n\t\t\t\t<\/div>\n\t\t<div class=\"elementor-element elementor-element-4070514 e-con-full e-flex e-con e-child\" data-id=\"4070514\" data-element_type=\"container\">\n\t\t\t\t<div class=\"elementor-element elementor-element-fda93e8 elementor-widget elementor-widget-text-editor\" data-id=\"fda93e8\" data-element_type=\"widget\" data-widget_type=\"text-editor.default\">\n\t\t\t\t<div class=\"elementor-widget-container\">\n\t\t\t\t\t\t\t\t\t<h6>Morada:\u00a0Pal\u00e1cio da Justi\u00e7a , Av. da Europa &#8211; 3514-506 Viseu<br \/>Telefone: 232427000<br \/>email: <a href=\"mailto:viseu.centralcriminal@tribunais.org.pt\"><span style=\"text-decoration: underline\"><span style=\"color: #0000ff;text-decoration: underline\">viseu.centralcriminal@tribunais.org.pt<\/span><\/span><\/a><\/h6><h6>Compet\u00eancia Territorial: Distrito de Viseu<\/h6>\t\t\t\t\t\t\t\t<\/div>\n\t\t\t\t<\/div>\n\t\t\t\t<\/div>\n\t\t\t\t\t<\/div>\n\t\t\t\t<\/div>\n\t\t<div class=\"elementor-element elementor-element-9cda80e e-flex e-con-boxed e-con e-parent\" data-id=\"9cda80e\" data-element_type=\"container\">\n\t\t\t\t\t<div class=\"e-con-inner\">\n\t\t<div class=\"elementor-element elementor-element-31753d7 e-con-full e-flex e-con e-child\" data-id=\"31753d7\" data-element_type=\"container\">\n\t\t\t\t<div class=\"elementor-element elementor-element-2942af0 elementor-widget__width-initial elementor-widget elementor-widget-heading\" data-id=\"2942af0\" data-element_type=\"widget\" data-widget_type=\"heading.default\">\n\t\t\t\t<div class=\"elementor-widget-container\">\n\t\t\t\t\t<h2 class=\"elementor-heading-title elementor-size-default\">Ju\u00edzo de Com\u00e9rcio de Viseu\n <\/h2>\t\t\t\t<\/div>\n\t\t\t\t<\/div>\n\t\t\t\t<\/div>\n\t\t<div class=\"elementor-element elementor-element-dbb18f8 e-con-full e-flex e-con e-child\" data-id=\"dbb18f8\" data-element_type=\"container\">\n\t\t\t\t<div class=\"elementor-element elementor-element-0b0c0df elementor-widget elementor-widget-text-editor\" data-id=\"0b0c0df\" data-element_type=\"widget\" data-widget_type=\"text-editor.default\">\n\t\t\t\t<div class=\"elementor-widget-container\">\n\t\t\t\t\t\t\t\t\t<h6>Morada:\u00a0Pal\u00e1cio da Justi\u00e7a , Av. da Europa &#8211; 3514-506 Viseu<br \/>Telefone: 232427000<br \/>email: <a href=\"mailto:Viseu.comercio@tribunais.org.pt\"><span style=\"text-decoration: underline\"><span style=\"color: #0000ff;text-decoration: underline\">viseu.comercio@tribunais.org.pt<\/span><\/span><\/a><\/h6><h6>Compet\u00eancia Territorial: Distrito de Viseu<\/h6>\t\t\t\t\t\t\t\t<\/div>\n\t\t\t\t<\/div>\n\t\t\t\t<\/div>\n\t\t\t\t\t<\/div>\n\t\t\t\t<\/div>\n\t\t<div class=\"elementor-element elementor-element-90ed2c1 e-flex e-con-boxed e-con e-parent\" data-id=\"90ed2c1\" data-element_type=\"container\">\n\t\t\t\t\t<div class=\"e-con-inner\">\n\t\t<div class=\"elementor-element elementor-element-53cca01 e-con-full e-flex e-con e-child\" data-id=\"53cca01\" data-element_type=\"container\">\n\t\t\t\t<div class=\"elementor-element elementor-element-1bf9cdb elementor-widget__width-initial elementor-widget elementor-widget-heading\" data-id=\"1bf9cdb\" data-element_type=\"widget\" data-widget_type=\"heading.default\">\n\t\t\t\t<div class=\"elementor-widget-container\">\n\t\t\t\t\t<h2 class=\"elementor-heading-title elementor-size-default\"> Ju\u00edzo de Execu\u00e7\u00e3o de Viseu\n <\/h2>\t\t\t\t<\/div>\n\t\t\t\t<\/div>\n\t\t\t\t<\/div>\n\t\t<div class=\"elementor-element elementor-element-8a87098 e-con-full e-flex e-con e-child\" data-id=\"8a87098\" data-element_type=\"container\">\n\t\t\t\t<div class=\"elementor-element elementor-element-7aeee7d elementor-widget elementor-widget-text-editor\" data-id=\"7aeee7d\" data-element_type=\"widget\" data-widget_type=\"text-editor.default\">\n\t\t\t\t<div class=\"elementor-widget-container\">\n\t\t\t\t\t\t\t\t\t<h6>Morada:\u00a0Pal\u00e1cio da Justi\u00e7a , Av. da Europa &#8211; 3514-506 Viseu<br \/>Telefone: 232427000<br \/>email:\u00a0<a href=\"mailto:viseu.execucao@tribunais.org.pt\"><span style=\"color: #0000ff\"><u>viseu.execucao@tribunais.org.pt<\/u><\/span><\/a><\/h6><h6>Compet\u00eancia Territorial: Distrito de Viseu<\/h6>\t\t\t\t\t\t\t\t<\/div>\n\t\t\t\t<\/div>\n\t\t\t\t<\/div>\n\t\t\t\t\t<\/div>\n\t\t\t\t<\/div>\n\t\t<div class=\"elementor-element elementor-element-08cad4c e-flex e-con-boxed e-con e-parent\" data-id=\"08cad4c\" data-element_type=\"container\">\n\t\t\t\t\t<div class=\"e-con-inner\">\n\t\t<div class=\"elementor-element elementor-element-6e1568e e-con-full e-flex e-con e-child\" data-id=\"6e1568e\" data-element_type=\"container\">\n\t\t\t\t<div class=\"elementor-element elementor-element-e3d6430 elementor-widget__width-initial elementor-widget elementor-widget-heading\" data-id=\"e3d6430\" data-element_type=\"widget\" data-widget_type=\"heading.default\">\n\t\t\t\t<div class=\"elementor-widget-container\">\n\t\t\t\t\t<h2 class=\"elementor-heading-title elementor-size-default\">Ju\u00edzo de Fam\u00edlia e Menores de Viseu\n <\/h2>\t\t\t\t<\/div>\n\t\t\t\t<\/div>\n\t\t\t\t<\/div>\n\t\t<div class=\"elementor-element elementor-element-1305a93 e-con-full e-flex e-con e-child\" data-id=\"1305a93\" data-element_type=\"container\">\n\t\t\t\t<div class=\"elementor-element elementor-element-3207798 elementor-widget elementor-widget-text-editor\" data-id=\"3207798\" data-element_type=\"widget\" data-widget_type=\"text-editor.default\">\n\t\t\t\t<div class=\"elementor-widget-container\">\n\t\t\t\t\t\t\t\t\t<h6>Morada:\u00a0Pal\u00e1cio da Justi\u00e7a , Av. da Europa &#8211; 3514-506 Viseu<br \/>Telefone: 232427000<br \/>email:<a href=\"mailto:viseu.familia@tribunais.org.pt\">\u00a0<span style=\"color: #0000ff\"><u>viseu.familia@tribunais.org.pt<\/u><\/span><\/a><\/h6><h6>Compet\u00eancia Territorial: Munic\u00edpio de Mangualde, Nelas, Penalva do Castelo, S\u00e3o Pedro do Sul, S\u00e1t\u00e3o, Tondela, Vila Nova de Paiva, Viseu e Vouzela<\/h6>\t\t\t\t\t\t\t\t<\/div>\n\t\t\t\t<\/div>\n\t\t\t\t<\/div>\n\t\t\t\t\t<\/div>\n\t\t\t\t<\/div>\n\t\t<div class=\"elementor-element elementor-element-279b3de e-flex e-con-boxed e-con e-parent\" data-id=\"279b3de\" data-element_type=\"container\">\n\t\t\t\t\t<div class=\"e-con-inner\">\n\t\t<div class=\"elementor-element elementor-element-01859c7 e-con-full e-flex e-con e-child\" data-id=\"01859c7\" data-element_type=\"container\">\n\t\t\t\t<div class=\"elementor-element elementor-element-fac9d3b elementor-widget__width-initial elementor-widget elementor-widget-heading\" data-id=\"fac9d3b\" data-element_type=\"widget\" data-widget_type=\"heading.default\">\n\t\t\t\t<div class=\"elementor-widget-container\">\n\t\t\t\t\t<h2 class=\"elementor-heading-title elementor-size-default\">Ju\u00edzo de Instru\u00e7\u00e3o Criminal de Viseu\n <\/h2>\t\t\t\t<\/div>\n\t\t\t\t<\/div>\n\t\t\t\t<\/div>\n\t\t<div class=\"elementor-element elementor-element-14d00dd e-con-full e-flex e-con e-child\" data-id=\"14d00dd\" data-element_type=\"container\">\n\t\t\t\t<div class=\"elementor-element elementor-element-382d6da elementor-widget elementor-widget-text-editor\" data-id=\"382d6da\" data-element_type=\"widget\" data-widget_type=\"text-editor.default\">\n\t\t\t\t<div class=\"elementor-widget-container\">\n\t\t\t\t\t\t\t\t\t<h6>Morada:\u00a0Pal\u00e1cio da Justi\u00e7a , Av. da Europa &#8211; 3514-506 Viseu<br \/>Telefone: 232427000<br \/>email: <a href=\"mailto:viseu.instrucaocriminal@tribunais.org\"><span style=\"text-decoration: underline\"><span style=\"color: #0000ff;text-decoration: underline\">viseu.instrucaocriminal@tribunais.org.pt<\/span><\/span><\/a><\/h6><h6>Compet\u00eancia Territorial: Distrito de Viseu<\/h6>\t\t\t\t\t\t\t\t<\/div>\n\t\t\t\t<\/div>\n\t\t\t\t<\/div>\n\t\t\t\t\t<\/div>\n\t\t\t\t<\/div>\n\t\t<div class=\"elementor-element elementor-element-f04661c e-flex e-con-boxed e-con e-parent\" data-id=\"f04661c\" data-element_type=\"container\">\n\t\t\t\t\t<div class=\"e-con-inner\">\n\t\t<div class=\"elementor-element elementor-element-a3dd1af e-con-full e-flex e-con e-child\" data-id=\"a3dd1af\" data-element_type=\"container\">\n\t\t\t\t<div class=\"elementor-element elementor-element-6fec167 elementor-widget__width-initial elementor-widget elementor-widget-heading\" data-id=\"6fec167\" data-element_type=\"widget\" data-widget_type=\"heading.default\">\n\t\t\t\t<div class=\"elementor-widget-container\">\n\t\t\t\t\t<h2 class=\"elementor-heading-title elementor-size-default\">Ju\u00edzo de Trabalho de Viseu<\/h2>\t\t\t\t<\/div>\n\t\t\t\t<\/div>\n\t\t\t\t<\/div>\n\t\t<div class=\"elementor-element elementor-element-ba86f8e e-con-full e-flex e-con e-child\" data-id=\"ba86f8e\" data-element_type=\"container\">\n\t\t\t\t<div class=\"elementor-element elementor-element-f4fc4e4 elementor-widget elementor-widget-text-editor\" data-id=\"f4fc4e4\" data-element_type=\"widget\" data-widget_type=\"text-editor.default\">\n\t\t\t\t<div class=\"elementor-widget-container\">\n\t\t\t\t\t\t\t\t\t<h6>Morada:\u00a0Pal\u00e1cio da Justi\u00e7a , Av. da Europa &#8211; 3514-506 Viseu<br \/>Telefone: 232427000<br \/>email:\u00a0<a href=\"mailto:viseu.trabalho@tribunais.org.pt\"><span style=\"color: #0000ff\"><u>viseu.trabalho@tribunais.org.pt<\/u><\/span><\/a><\/h6><h6>Compet\u00eancia Territorial: Munic\u00edpio de Carregal do Sal, Castro Daire, Mangualde, Mort\u00e1gua, Nelas, Oliveira de Frades, Penalva do Castelo, Santa Comba D\u00e3o, S\u00e3o Pedro do Sul, S\u00e1t\u00e3o, Tondela, Vila Nova de Paiva, Viseu e Vouzela<\/h6>\t\t\t\t\t\t\t\t<\/div>\n\t\t\t\t<\/div>\n\t\t\t\t<\/div>\n\t\t\t\t\t<\/div>\n\t\t\t\t<\/div>\n\t\t<div class=\"elementor-element elementor-element-47cac83 e-flex e-con-boxed e-con e-parent\" data-id=\"47cac83\" data-element_type=\"container\">\n\t\t\t\t\t<div class=\"e-con-inner\">\n\t\t<div class=\"elementor-element elementor-element-6c2e7f0 e-con-full e-flex e-con e-child\" data-id=\"6c2e7f0\" data-element_type=\"container\">\n\t\t\t\t<div class=\"elementor-element elementor-element-de5fb3e elementor-widget__width-initial elementor-widget elementor-widget-heading\" data-id=\"de5fb3e\" data-element_type=\"widget\" data-widget_type=\"heading.default\">\n\t\t\t\t<div class=\"elementor-widget-container\">\n\t\t\t\t\t<h2 class=\"elementor-heading-title elementor-size-default\">Ju\u00edzo Local C\u00edvel de Viseu\nJu\u00edzo Local Criminal de Viseu\n<\/h2>\t\t\t\t<\/div>\n\t\t\t\t<\/div>\n\t\t\t\t<\/div>\n\t\t<div class=\"elementor-element elementor-element-1c5aa15 e-con-full e-flex e-con e-child\" data-id=\"1c5aa15\" data-element_type=\"container\">\n\t\t\t\t<div class=\"elementor-element elementor-element-9d3eeeb elementor-widget elementor-widget-text-editor\" data-id=\"9d3eeeb\" data-element_type=\"widget\" data-widget_type=\"text-editor.default\">\n\t\t\t\t<div class=\"elementor-widget-container\">\n\t\t\t\t\t\t\t\t\t<h6>Morada:\u00a0Pal\u00e1cio da Justi\u00e7a , Av. da Europa &#8211; 3514-506 Viseu<br \/>Telefone: 232427000<br \/>email: <a href=\"mailto:viseu.judicial@tribunais.org.pt\"><span style=\"text-decoration: underline\"><span style=\"color: #0000ff;text-decoration: underline\">viseu.judicial@tribunais.org.pt<\/span><\/span><\/a><\/h6><h6>Compet\u00eancia Territorial: Munic\u00edpio de Viseu<\/h6>\t\t\t\t\t\t\t\t<\/div>\n\t\t\t\t<\/div>\n\t\t\t\t<\/div>\n\t\t\t\t\t<\/div>\n\t\t\t\t<\/div>\n\t\t<div class=\"elementor-element elementor-element-371315e e-con-full e-flex e-con e-parent\" data-id=\"371315e\" data-element_type=\"container\">\n\t\t\t\t<div class=\"elementor-element elementor-element-cbe59e1 elementor-widget elementor-widget-google_maps\" data-id=\"cbe59e1\" data-element_type=\"widget\" data-widget_type=\"google_maps.default\">\n\t\t\t\t<div class=\"elementor-widget-container\">\n\t\t\t\t\t\t\t<div class=\"elementor-custom-embed\">\n\t\t\t<iframe loading=\"lazy\"\n\t\t\t\t\tsrc=\"https:\/\/www.google.com\/maps\/embed\/v1\/place?key=AIzaSyDhSoLeftGxfg7Tvco7SEUCY-Cc_XLDY3c&#038;q=%20Pal%C3%A1cio%20da%20Justi%C3%A7a%20%2C%20Av.%20da%20Europa%20-%203514-506%20Viseu&#038;zoom=10\"\n\t\t\t\t\ttitle=\" Pal\u00e1cio da Justi\u00e7a , Av. da Europa - 3514-506 Viseu\"\n\t\t\t\t\taria-label=\" Pal\u00e1cio da Justi\u00e7a , Av. da Europa - 3514-506 Viseu\"\n\t\t\t><\/iframe>\n\t\t<\/div>\n\t\t\t\t\t\t<\/div>\n\t\t\t\t<\/div>\n\t\t\t\t<\/div>\n\t\t\t\t<\/div>\n\t\t","protected":false},"excerpt":{"rendered":"<p>Ju\u00edzo Central C\u00edvel de Viseu Morada:\u00a0Pal\u00e1cio da Justi\u00e7a , Av. da Europa &#8211; 3514-506 ViseuTelefone: 232427000email: viseu.centralcivel@tribunais.org.pt Compet\u00eancia Territorial: Distrito de Viseu Ju\u00edzo Central Criminal de Viseu Morada:\u00a0Pal\u00e1cio da Justi\u00e7a , Av. da Europa &#8211; 3514-506 ViseuTelefone: 232427000email: viseu.centralcriminal@tribunais.org.pt Compet\u00eancia Territorial: Distrito de Viseu Ju\u00edzo de Com\u00e9rcio de Viseu Morada:\u00a0Pal\u00e1cio da Justi\u00e7a , Av. da&#8230;<\/p>\n","protected":false},"author":26,"featured_media":0,"parent":2242,"menu_order":0,"comment_status":"closed","ping_status":"closed","template":"","meta":{"_tbt_post_transparent":"","_tbt_post_title":"","_tbt_post_layout":"default","_tbt_post_sidebar_id":"","_tbt_post_content_style":"","_tbt_post_vertical_padding":"","_tbt_post_feature":"","_tbt_post_feature_position":"","_tbt_post_header":false,"_tbt_post_footer":false},"class_list":["post-12241","page","type-page","status-publish","hentry"],"yoast_head":"<!-- This site is optimized with the Yoast SEO plugin v25.6 - https:\/\/yoast.com\/wordpress\/plugins\/seo\/ -->\n<title>Viseu - Tribunal Judicial da Comarca de Viseu<\/title>\n<meta name=\"robots\" content=\"index, follow, max-snippet:-1, max-image-preview:large, max-video-preview:-1\" \/>\n<link rel=\"canonical\" href=\"https:\/\/comarcas.csm.org.pt\/viseu\/acomarca\/viseu\/\" \/>\n<meta property=\"og:locale\" content=\"pt_PT\" \/>\n<meta property=\"og:type\" content=\"article\" \/>\n<meta property=\"og:title\" content=\"Viseu - Tribunal Judicial da Comarca de Viseu\" \/>\n<meta property=\"og:description\" content=\"Ju\u00edzo Central C\u00edvel de Viseu Morada:\u00a0Pal\u00e1cio da Justi\u00e7a , Av. da Europa &#8211; 3514-506 ViseuTelefone: 232427000email: viseu.centralcivel@tribunais.org.pt Compet\u00eancia Territorial: Distrito de Viseu Ju\u00edzo Central Criminal de Viseu Morada:\u00a0Pal\u00e1cio da Justi\u00e7a , Av. da Europa &#8211; 3514-506 ViseuTelefone: 232427000email: viseu.centralcriminal@tribunais.org.pt Compet\u00eancia Territorial: Distrito de Viseu Ju\u00edzo de Com\u00e9rcio de Viseu Morada:\u00a0Pal\u00e1cio da Justi\u00e7a , Av. da...\" \/>\n<meta property=\"og:url\" content=\"https:\/\/comarcas.csm.org.pt\/viseu\/acomarca\/viseu\/\" \/>\n<meta property=\"og:site_name\" content=\"Tribunal Judicial da Comarca de Viseu\" \/>\n<meta property=\"article:modified_time\" content=\"2025-05-28T14:54:35+00:00\" \/>\n<meta name=\"twitter:card\" content=\"summary_large_image\" \/>\n<meta name=\"twitter:label1\" content=\"Tempo estimado de leitura\" \/>\n\t<meta name=\"twitter:data1\" content=\"2 minutos\" \/>\n<script type=\"application\/ld+json\" class=\"yoast-schema-graph\">{\"@context\":\"https:\/\/schema.org\",\"@graph\":[{\"@type\":\"WebPage\",\"@id\":\"https:\/\/comarcas.csm.org.pt\/viseu\/acomarca\/viseu\/\",\"url\":\"https:\/\/comarcas.csm.org.pt\/viseu\/acomarca\/viseu\/\",\"name\":\"Viseu - Tribunal Judicial da Comarca de Viseu\",\"isPartOf\":{\"@id\":\"https:\/\/comarcas.csm.org.pt\/viseu\/#website\"},\"datePublished\":\"2025-05-27T14:02:29+00:00\",\"dateModified\":\"2025-05-28T14:54:35+00:00\",\"breadcrumb\":{\"@id\":\"https:\/\/comarcas.csm.org.pt\/viseu\/acomarca\/viseu\/#breadcrumb\"},\"inLanguage\":\"pt-PT\",\"potentialAction\":[{\"@type\":\"ReadAction\",\"target\":[\"https:\/\/comarcas.csm.org.pt\/viseu\/acomarca\/viseu\/\"]}]},{\"@type\":\"BreadcrumbList\",\"@id\":\"https:\/\/comarcas.csm.org.pt\/viseu\/acomarca\/viseu\/#breadcrumb\",\"itemListElement\":[{\"@type\":\"ListItem\",\"position\":1,\"name\":\"In\u00edcio\",\"item\":\"https:\/\/comarcas.csm.org.pt\/viseu\/\"},{\"@type\":\"ListItem\",\"position\":2,\"name\":\"A Comarca\",\"item\":\"https:\/\/comarcas.csm.org.pt\/viseu\/acomarca\/\"},{\"@type\":\"ListItem\",\"position\":3,\"name\":\"Viseu\"}]},{\"@type\":\"WebSite\",\"@id\":\"https:\/\/comarcas.csm.org.pt\/viseu\/#website\",\"url\":\"https:\/\/comarcas.csm.org.pt\/viseu\/\",\"name\":\"Tribunal Judicial da Comarca de Viseu\",\"description\":\"Tribunal Judicial da Comarca de Aveiro\",\"publisher\":{\"@id\":\"https:\/\/comarcas.csm.org.pt\/viseu\/#organization\"},\"potentialAction\":[{\"@type\":\"SearchAction\",\"target\":{\"@type\":\"EntryPoint\",\"urlTemplate\":\"https:\/\/comarcas.csm.org.pt\/viseu\/?s={search_term_string}\"},\"query-input\":{\"@type\":\"PropertyValueSpecification\",\"valueRequired\":true,\"valueName\":\"search_term_string\"}}],\"inLanguage\":\"pt-PT\"},{\"@type\":\"Organization\",\"@id\":\"https:\/\/comarcas.csm.org.pt\/viseu\/#organization\",\"name\":\"Tribunal Judicial da Comarca de Viseu\",\"url\":\"https:\/\/comarcas.csm.org.pt\/viseu\/\",\"logo\":{\"@type\":\"ImageObject\",\"inLanguage\":\"pt-PT\",\"@id\":\"https:\/\/comarcas.csm.org.pt\/viseu\/#\/schema\/logo\/image\/\",\"url\":\"https:\/\/comarcas.csm.org.pt\/viseu\/wp-content\/uploads\/sites\/27\/2024\/11\/Viseu_positivo-horizontal.png\",\"contentUrl\":\"https:\/\/comarcas.csm.org.pt\/viseu\/wp-content\/uploads\/sites\/27\/2024\/11\/Viseu_positivo-horizontal.png\",\"width\":4331,\"height\":999,\"caption\":\"Tribunal Judicial da Comarca de Viseu\"},\"image\":{\"@id\":\"https:\/\/comarcas.csm.org.pt\/viseu\/#\/schema\/logo\/image\/\"}}]}<\/script>\n<!-- \/ Yoast SEO plugin. -->","yoast_head_json":{"title":"Viseu - Tribunal Judicial da Comarca de Viseu","robots":{"index":"index","follow":"follow","max-snippet":"max-snippet:-1","max-image-preview":"max-image-preview:large","max-video-preview":"max-video-preview:-1"},"canonical":"https:\/\/comarcas.csm.org.pt\/viseu\/acomarca\/viseu\/","og_locale":"pt_PT","og_type":"article","og_title":"Viseu - Tribunal Judicial da Comarca de Viseu","og_description":"Ju\u00edzo Central C\u00edvel de Viseu Morada:\u00a0Pal\u00e1cio da Justi\u00e7a , Av. da Europa &#8211; 3514-506 ViseuTelefone: 232427000email: viseu.centralcivel@tribunais.org.pt Compet\u00eancia Territorial: Distrito de Viseu Ju\u00edzo Central Criminal de Viseu Morada:\u00a0Pal\u00e1cio da Justi\u00e7a , Av. da Europa &#8211; 3514-506 ViseuTelefone: 232427000email: viseu.centralcriminal@tribunais.org.pt Compet\u00eancia Territorial: Distrito de Viseu Ju\u00edzo de Com\u00e9rcio de Viseu Morada:\u00a0Pal\u00e1cio da Justi\u00e7a , Av. da...","og_url":"https:\/\/comarcas.csm.org.pt\/viseu\/acomarca\/viseu\/","og_site_name":"Tribunal Judicial da Comarca de Viseu","article_modified_time":"2025-05-28T14:54:35+00:00","twitter_card":"summary_large_image","twitter_misc":{"Tempo estimado de leitura":"2 minutos"},"schema":{"@context":"https:\/\/schema.org","@graph":[{"@type":"WebPage","@id":"https:\/\/comarcas.csm.org.pt\/viseu\/acomarca\/viseu\/","url":"https:\/\/comarcas.csm.org.pt\/viseu\/acomarca\/viseu\/","name":"Viseu - Tribunal Judicial da Comarca de Viseu","isPartOf":{"@id":"https:\/\/comarcas.csm.org.pt\/viseu\/#website"},"datePublished":"2025-05-27T14:02:29+00:00","dateModified":"2025-05-28T14:54:35+00:00","breadcrumb":{"@id":"https:\/\/comarcas.csm.org.pt\/viseu\/acomarca\/viseu\/#breadcrumb"},"inLanguage":"pt-PT","potentialAction":[{"@type":"ReadAction","target":["https:\/\/comarcas.csm.org.pt\/viseu\/acomarca\/viseu\/"]}]},{"@type":"BreadcrumbList","@id":"https:\/\/comarcas.csm.org.pt\/viseu\/acomarca\/viseu\/#breadcrumb","itemListElement":[{"@type":"ListItem","position":1,"name":"In\u00edcio","item":"https:\/\/comarcas.csm.org.pt\/viseu\/"},{"@type":"ListItem","position":2,"name":"A Comarca","item":"https:\/\/comarcas.csm.org.pt\/viseu\/acomarca\/"},{"@type":"ListItem","position":3,"name":"Viseu"}]},{"@type":"WebSite","@id":"https:\/\/comarcas.csm.org.pt\/viseu\/#website","url":"https:\/\/comarcas.csm.org.pt\/viseu\/","name":"Tribunal Judicial da Comarca de Viseu","description":"Tribunal Judicial da Comarca de Aveiro","publisher":{"@id":"https:\/\/comarcas.csm.org.pt\/viseu\/#organization"},"potentialAction":[{"@type":"SearchAction","target":{"@type":"EntryPoint","urlTemplate":"https:\/\/comarcas.csm.org.pt\/viseu\/?s={search_term_string}"},"query-input":{"@type":"PropertyValueSpecification","valueRequired":true,"valueName":"search_term_string"}}],"inLanguage":"pt-PT"},{"@type":"Organization","@id":"https:\/\/comarcas.csm.org.pt\/viseu\/#organization","name":"Tribunal Judicial da Comarca de Viseu","url":"https:\/\/comarcas.csm.org.pt\/viseu\/","logo":{"@type":"ImageObject","inLanguage":"pt-PT","@id":"https:\/\/comarcas.csm.org.pt\/viseu\/#\/schema\/logo\/image\/","url":"https:\/\/comarcas.csm.org.pt\/viseu\/wp-content\/uploads\/sites\/27\/2024\/11\/Viseu_positivo-horizontal.png","contentUrl":"https:\/\/comarcas.csm.org.pt\/viseu\/wp-content\/uploads\/sites\/27\/2024\/11\/Viseu_positivo-horizontal.png","width":4331,"height":999,"caption":"Tribunal Judicial da Comarca de Viseu"},"image":{"@id":"https:\/\/comarcas.csm.org.pt\/viseu\/#\/schema\/logo\/image\/"}}]}},"_links":{"self":[{"href":"https:\/\/comarcas.csm.org.pt\/viseu\/wp-json\/wp\/v2\/pages\/12241","targetHints":{"allow":["GET"]}}],"collection":[{"href":"https:\/\/comarcas.csm.org.pt\/viseu\/wp-json\/wp\/v2\/pages"}],"about":[{"href":"https:\/\/comarcas.csm.org.pt\/viseu\/wp-json\/wp\/v2\/types\/page"}],"author":[{"embeddable":true,"href":"https:\/\/comarcas.csm.org.pt\/viseu\/wp-json\/wp\/v2\/users\/26"}],"replies":[{"embeddable":true,"href":"https:\/\/comarcas.csm.org.pt\/viseu\/wp-json\/wp\/v2\/comments?post=12241"}],"version-history":[{"count":19,"href":"https:\/\/comarcas.csm.org.pt\/viseu\/wp-json\/wp\/v2\/pages\/12241\/revisions"}],"predecessor-version":[{"id":12346,"href":"https:\/\/comarcas.csm.org.pt\/viseu\/wp-json\/wp\/v2\/pages\/12241\/revisions\/12346"}],"up":[{"embeddable":true,"href":"https:\/\/comarcas.csm.org.pt\/viseu\/wp-json\/wp\/v2\/pages\/2242"}],"wp:attachment":[{"href":"https:\/\/comarcas.csm.org.pt\/viseu\/wp-json\/wp\/v2\/media?parent=12241"}],"curies":[{"name":"wp","href":"https:\/\/api.w.org\/{rel}","templated":true}]}}