{"id":2242,"date":"2021-10-25T11:40:43","date_gmt":"2021-10-25T11:40:43","guid":{"rendered":"https:\/\/wp.themedemo.org\/WCM07\/WCM070151\/?page_id=2242"},"modified":"2025-10-23T14:48:30","modified_gmt":"2025-10-23T14:48:30","slug":"acomarca","status":"publish","type":"page","link":"https:\/\/comarcas.csm.org.pt\/viseu\/acomarca\/","title":{"rendered":"A Comarca"},"content":{"rendered":"\t\t<div data-elementor-type=\"wp-page\" data-elementor-id=\"2242\" class=\"elementor elementor-2242\" data-elementor-post-type=\"page\">\n\t\t\t\t\t\t<section class=\"elementor-section elementor-top-section elementor-element elementor-element-5a39fd59 elementor-section-full_width elementor-section-height-default elementor-section-height-default\" data-id=\"5a39fd59\" data-element_type=\"section\">\n\t\t\t\t\t\t<div class=\"elementor-container elementor-column-gap-default\">\n\t\t\t\t\t<div class=\"elementor-column elementor-col-50 elementor-top-column elementor-element elementor-element-2f8f81a0\" data-id=\"2f8f81a0\" data-element_type=\"column\">\n\t\t\t<div class=\"elementor-widget-wrap elementor-element-populated\">\n\t\t\t\t\t\t<div class=\"elementor-element elementor-element-b5907ba elementor-widget elementor-widget-heading\" data-id=\"b5907ba\" data-element_type=\"widget\" data-widget_type=\"heading.default\">\n\t\t\t\t<div class=\"elementor-widget-container\">\n\t\t\t\t\t<span class=\"elementor-heading-title elementor-size-default\">Tribunal Judicial da<\/span>\t\t\t\t<\/div>\n\t\t\t\t<\/div>\n\t\t\t\t<div class=\"elementor-element elementor-element-7bc9440f elementor-widget__width-initial elementor-widget elementor-widget-heading\" data-id=\"7bc9440f\" data-element_type=\"widget\" data-widget_type=\"heading.default\">\n\t\t\t\t<div class=\"elementor-widget-container\">\n\t\t\t\t\t<h4 class=\"elementor-heading-title elementor-size-default\">Comarca de Viseu<\/h4>\t\t\t\t<\/div>\n\t\t\t\t<\/div>\n\t\t\t\t<div class=\"elementor-element elementor-element-baa90e4 elementor-widget elementor-widget-text-editor\" data-id=\"baa90e4\" data-element_type=\"widget\" data-widget_type=\"text-editor.default\">\n\t\t\t\t<div class=\"elementor-widget-container\">\n\t\t\t\t\t\t\t\t\t<p>\u00a0 <span style=\"color: #000000\">A Comarca de Viseu \u00e9 uma das 23 comarcas em que se divide o territ\u00f3rio nacional.<\/span><\/p><p><span style=\"color: #000000\">\u00a0 O Tribunal Judicial da Comarca de Viseu, \u00e9 um tribunal de 1\u00aa inst\u00e2ncia, com sede em Viseu. Tem compet\u00eancia na \u00e1rea geogr\u00e1fica dos Munic\u00edpios de Armamar, Carregal do Sal, Castro Daire, Cinf\u00e3es, Lamego, Mangualde, Moimenta da Beira, Mort\u00e1gua, Nelas, Oliveira de Frades, Penalva do Castelo, Penedono, Resende, Santa Comba D\u00e3o, S\u00e3o Jo\u00e3o da Pesqueira, S\u00e3o Pedro do Sul, S\u00e1t\u00e3o, Sernancelhe, Tabua\u00e7o, Tarouca, Tondela, Vila Nova de Paiva, Viseu e Vouzela.<\/span><\/p><p><span style=\"color: #000000\">\u00a0 \u00c9 composto pelos seguintes 12 N\u00facleos: <\/span><br \/><span style=\"color: #000000\">\u00a0 &#8211; Cinf\u00e3es; &#8211; Castro Daire; &#8211; Lamego (a integrar tamb\u00e9m os Ju\u00edzos de Proximidade de Armamar e de Resende); &#8211; Mangualde; &#8211; Moimenta da Beira (a integrar tamb\u00e9m os Ju\u00edzos de Proximidade de S\u00e3o Jo\u00e3o da Pesqueira e de Tabua\u00e7o); &#8211; Nelas; &#8211; Oliveira de Frades; &#8211; Santa Comba D\u00e3o; &#8211; S\u00e3o Pedro do Sul (a integrar tamb\u00e9m o Ju\u00edzo de Proximidade de Vouzela); &#8211; S\u00e1t\u00e3o; &#8211; Tondela; &#8211; Viseu. <\/span><br \/><span style=\"color: #000000\">\u00a0 A comarca abrange todo o distrito de Viseu, com uma \u00e1rea total de 5007 km2 e serve uma popula\u00e7\u00e3o residente de 351 592 (de acordo com os Censos de 2021).<\/span><\/p><p><span style=\"color: #000000\">\u00a0 A Comarca de Viseu est\u00e1 integrada na \u00e1rea de jurisdi\u00e7\u00e3o do Tribunal da Rela\u00e7\u00e3o de Coimbra.<\/span><\/p><p><span style=\"color: #000000\">\u00a0 Nos termos legais a Comarca tem os seguintes quadros de Magistrados e Oficiais de Justi\u00e7a:<\/span><br \/><span style=\"color: #000000\">Quadro de Ju\u00edzes: 36 a 39<\/span><br \/><span style=\"color: #000000\">Quadro de Magistrados do Minist\u00e9rio P\u00fablico: 40 a 43<\/span><br \/><span style=\"color: #000000\">Quadro de Oficiais de Justi\u00e7a: 219 a 219<\/span><\/p>\t\t\t\t\t\t\t\t<\/div>\n\t\t\t\t<\/div>\n\t\t\t\t<div class=\"elementor-element elementor-element-14131d48 elementor-widget elementor-widget-button\" data-id=\"14131d48\" data-element_type=\"widget\" data-widget_type=\"button.default\">\n\t\t\t\t<div class=\"elementor-widget-container\">\n\t\t\t\t\t\t\t\t\t<div class=\"elementor-button-wrapper\">\n\t\t\t\t\t<a class=\"elementor-button elementor-button-link elementor-size-sm\" href=\"https:\/\/comarcas.csm.org.pt\/viseu\/contactos\/\">\n\t\t\t\t\t\t<span class=\"elementor-button-content-wrapper\">\n\t\t\t\t\t\t\t\t\t<span class=\"elementor-button-text\">Contactos<\/span>\n\t\t\t\t\t<\/span>\n\t\t\t\t\t<\/a>\n\t\t\t\t<\/div>\n\t\t\t\t\t\t\t\t<\/div>\n\t\t\t\t<\/div>\n\t\t\t\t\t<\/div>\n\t\t<\/div>\n\t\t\t\t<div class=\"elementor-column elementor-col-50 elementor-top-column elementor-element elementor-element-46317706 cms-banner\" data-id=\"46317706\" data-element_type=\"column\" data-settings=\"{&quot;background_background&quot;:&quot;classic&quot;}\">\n\t\t\t<div class=\"elementor-widget-wrap elementor-element-populated\">\n\t\t\t\t\t\t<div class=\"elementor-element elementor-element-3e7f9791 elementor-widget elementor-widget-image\" data-id=\"3e7f9791\" data-element_type=\"widget\" data-widget_type=\"image.default\">\n\t\t\t\t<div class=\"elementor-widget-container\">\n\t\t\t\t\t\t\t\t\t\t\t\t\t\t\t\t<a href=\"#\">\n\t\t\t\t\t\t\t<img fetchpriority=\"high\" decoding=\"async\" width=\"528\" height=\"370\" src=\"https:\/\/comarcas.csm.org.pt\/viseu\/wp-content\/uploads\/sites\/27\/2025\/10\/foto-para-site.png\" class=\"attachment-2048x2048 size-2048x2048 wp-image-12451\" alt=\"\" srcset=\"https:\/\/comarcas.csm.org.pt\/viseu\/wp-content\/uploads\/sites\/27\/2025\/10\/foto-para-site.png 528w, https:\/\/comarcas.csm.org.pt\/viseu\/wp-content\/uploads\/sites\/27\/2025\/10\/foto-para-site-300x210.png 300w\" sizes=\"(max-width: 528px) 100vw, 528px\" \/>\t\t\t\t\t\t\t\t<\/a>\n\t\t\t\t\t\t\t\t\t\t\t\t\t\t\t<\/div>\n\t\t\t\t<\/div>\n\t\t\t\t\t<\/div>\n\t\t<\/div>\n\t\t\t\t\t<\/div>\n\t\t<\/section>\n\t\t\t\t<\/div>\n\t\t","protected":false},"excerpt":{"rendered":"<p>Tribunal Judicial da Comarca de Viseu \u00a0 A Comarca de Viseu \u00e9 uma das 23 comarcas em que se divide o territ\u00f3rio nacional. \u00a0 O Tribunal Judicial da Comarca de Viseu, \u00e9 um tribunal de 1\u00aa inst\u00e2ncia, com sede em Viseu. Tem compet\u00eancia na \u00e1rea geogr\u00e1fica dos Munic\u00edpios de Armamar, Carregal do Sal, Castro Daire,&#8230;<\/p>\n","protected":false},"author":1,"featured_media":0,"parent":0,"menu_order":0,"comment_status":"closed","ping_status":"closed","template":"","meta":{"_tbt_post_transparent":"","_tbt_post_title":"","_tbt_post_layout":"","_tbt_post_sidebar_id":"","_tbt_post_content_style":"","_tbt_post_vertical_padding":"","_tbt_post_feature":"","_tbt_post_feature_position":"","_tbt_post_header":false,"_tbt_post_footer":false},"class_list":["post-2242","page","type-page","status-publish","hentry"],"yoast_head":"<!-- This site is optimized with the Yoast SEO plugin v25.6 - https:\/\/yoast.com\/wordpress\/plugins\/seo\/ -->\n<title>A Comarca - Tribunal Judicial da Comarca de Viseu<\/title>\n<meta name=\"robots\" content=\"index, follow, max-snippet:-1, max-image-preview:large, max-video-preview:-1\" \/>\n<link rel=\"canonical\" href=\"https:\/\/comarcas.csm.org.pt\/viseu\/acomarca\/\" \/>\n<meta property=\"og:locale\" content=\"pt_PT\" \/>\n<meta property=\"og:type\" content=\"article\" \/>\n<meta property=\"og:title\" content=\"A Comarca - Tribunal Judicial da Comarca de Viseu\" \/>\n<meta property=\"og:description\" content=\"Tribunal Judicial da Comarca de Viseu \u00a0 A Comarca de Viseu \u00e9 uma das 23 comarcas em que se divide o territ\u00f3rio nacional. \u00a0 O Tribunal Judicial da Comarca de Viseu, \u00e9 um tribunal de 1\u00aa inst\u00e2ncia, com sede em Viseu. Tem compet\u00eancia na \u00e1rea geogr\u00e1fica dos Munic\u00edpios de Armamar, Carregal do Sal, Castro Daire,...\" \/>\n<meta property=\"og:url\" content=\"https:\/\/comarcas.csm.org.pt\/viseu\/acomarca\/\" \/>\n<meta property=\"og:site_name\" content=\"Tribunal Judicial da Comarca de Viseu\" \/>\n<meta property=\"article:modified_time\" content=\"2025-10-23T14:48:30+00:00\" \/>\n<meta property=\"og:image\" content=\"https:\/\/comarcas.csm.org.pt\/viseu\/wp-content\/uploads\/sites\/27\/2025\/10\/foto-para-site.png\" \/>\n\t<meta property=\"og:image:width\" content=\"528\" \/>\n\t<meta property=\"og:image:height\" content=\"370\" \/>\n\t<meta property=\"og:image:type\" content=\"image\/png\" \/>\n<meta name=\"twitter:card\" content=\"summary_large_image\" \/>\n<meta name=\"twitter:label1\" content=\"Tempo estimado de leitura\" \/>\n\t<meta name=\"twitter:data1\" content=\"2 minutos\" \/>\n<script type=\"application\/ld+json\" class=\"yoast-schema-graph\">{\"@context\":\"https:\/\/schema.org\",\"@graph\":[{\"@type\":\"WebPage\",\"@id\":\"https:\/\/comarcas.csm.org.pt\/viseu\/acomarca\/\",\"url\":\"https:\/\/comarcas.csm.org.pt\/viseu\/acomarca\/\",\"name\":\"A Comarca - Tribunal Judicial da Comarca de Viseu\",\"isPartOf\":{\"@id\":\"https:\/\/comarcas.csm.org.pt\/viseu\/#website\"},\"primaryImageOfPage\":{\"@id\":\"https:\/\/comarcas.csm.org.pt\/viseu\/acomarca\/#primaryimage\"},\"image\":{\"@id\":\"https:\/\/comarcas.csm.org.pt\/viseu\/acomarca\/#primaryimage\"},\"thumbnailUrl\":\"https:\/\/comarcas.csm.org.pt\/viseu\/wp-content\/uploads\/sites\/27\/2025\/10\/foto-para-site.png\",\"datePublished\":\"2021-10-25T11:40:43+00:00\",\"dateModified\":\"2025-10-23T14:48:30+00:00\",\"breadcrumb\":{\"@id\":\"https:\/\/comarcas.csm.org.pt\/viseu\/acomarca\/#breadcrumb\"},\"inLanguage\":\"pt-PT\",\"potentialAction\":[{\"@type\":\"ReadAction\",\"target\":[\"https:\/\/comarcas.csm.org.pt\/viseu\/acomarca\/\"]}]},{\"@type\":\"ImageObject\",\"inLanguage\":\"pt-PT\",\"@id\":\"https:\/\/comarcas.csm.org.pt\/viseu\/acomarca\/#primaryimage\",\"url\":\"https:\/\/comarcas.csm.org.pt\/viseu\/wp-content\/uploads\/sites\/27\/2025\/10\/foto-para-site.png\",\"contentUrl\":\"https:\/\/comarcas.csm.org.pt\/viseu\/wp-content\/uploads\/sites\/27\/2025\/10\/foto-para-site.png\",\"width\":528,\"height\":370},{\"@type\":\"BreadcrumbList\",\"@id\":\"https:\/\/comarcas.csm.org.pt\/viseu\/acomarca\/#breadcrumb\",\"itemListElement\":[{\"@type\":\"ListItem\",\"position\":1,\"name\":\"In\u00edcio\",\"item\":\"https:\/\/comarcas.csm.org.pt\/viseu\/\"},{\"@type\":\"ListItem\",\"position\":2,\"name\":\"A Comarca\"}]},{\"@type\":\"WebSite\",\"@id\":\"https:\/\/comarcas.csm.org.pt\/viseu\/#website\",\"url\":\"https:\/\/comarcas.csm.org.pt\/viseu\/\",\"name\":\"Tribunal Judicial da Comarca de Viseu\",\"description\":\"Tribunal Judicial da Comarca de Aveiro\",\"publisher\":{\"@id\":\"https:\/\/comarcas.csm.org.pt\/viseu\/#organization\"},\"potentialAction\":[{\"@type\":\"SearchAction\",\"target\":{\"@type\":\"EntryPoint\",\"urlTemplate\":\"https:\/\/comarcas.csm.org.pt\/viseu\/?s={search_term_string}\"},\"query-input\":{\"@type\":\"PropertyValueSpecification\",\"valueRequired\":true,\"valueName\":\"search_term_string\"}}],\"inLanguage\":\"pt-PT\"},{\"@type\":\"Organization\",\"@id\":\"https:\/\/comarcas.csm.org.pt\/viseu\/#organization\",\"name\":\"Tribunal Judicial da Comarca de Viseu\",\"url\":\"https:\/\/comarcas.csm.org.pt\/viseu\/\",\"logo\":{\"@type\":\"ImageObject\",\"inLanguage\":\"pt-PT\",\"@id\":\"https:\/\/comarcas.csm.org.pt\/viseu\/#\/schema\/logo\/image\/\",\"url\":\"https:\/\/comarcas.csm.org.pt\/viseu\/wp-content\/uploads\/sites\/27\/2024\/11\/Viseu_positivo-horizontal.png\",\"contentUrl\":\"https:\/\/comarcas.csm.org.pt\/viseu\/wp-content\/uploads\/sites\/27\/2024\/11\/Viseu_positivo-horizontal.png\",\"width\":4331,\"height\":999,\"caption\":\"Tribunal Judicial da Comarca de Viseu\"},\"image\":{\"@id\":\"https:\/\/comarcas.csm.org.pt\/viseu\/#\/schema\/logo\/image\/\"}}]}<\/script>\n<!-- \/ Yoast SEO plugin. -->","yoast_head_json":{"title":"A Comarca - Tribunal Judicial da Comarca de Viseu","robots":{"index":"index","follow":"follow","max-snippet":"max-snippet:-1","max-image-preview":"max-image-preview:large","max-video-preview":"max-video-preview:-1"},"canonical":"https:\/\/comarcas.csm.org.pt\/viseu\/acomarca\/","og_locale":"pt_PT","og_type":"article","og_title":"A Comarca - Tribunal Judicial da Comarca de Viseu","og_description":"Tribunal Judicial da Comarca de Viseu \u00a0 A Comarca de Viseu \u00e9 uma das 23 comarcas em que se divide o territ\u00f3rio nacional. \u00a0 O Tribunal Judicial da Comarca de Viseu, \u00e9 um tribunal de 1\u00aa inst\u00e2ncia, com sede em Viseu. Tem compet\u00eancia na \u00e1rea geogr\u00e1fica dos Munic\u00edpios de Armamar, Carregal do Sal, Castro Daire,...","og_url":"https:\/\/comarcas.csm.org.pt\/viseu\/acomarca\/","og_site_name":"Tribunal Judicial da Comarca de Viseu","article_modified_time":"2025-10-23T14:48:30+00:00","og_image":[{"width":528,"height":370,"url":"https:\/\/comarcas.csm.org.pt\/viseu\/wp-content\/uploads\/sites\/27\/2025\/10\/foto-para-site.png","type":"image\/png"}],"twitter_card":"summary_large_image","twitter_misc":{"Tempo estimado de leitura":"2 minutos"},"schema":{"@context":"https:\/\/schema.org","@graph":[{"@type":"WebPage","@id":"https:\/\/comarcas.csm.org.pt\/viseu\/acomarca\/","url":"https:\/\/comarcas.csm.org.pt\/viseu\/acomarca\/","name":"A Comarca - Tribunal Judicial da Comarca de Viseu","isPartOf":{"@id":"https:\/\/comarcas.csm.org.pt\/viseu\/#website"},"primaryImageOfPage":{"@id":"https:\/\/comarcas.csm.org.pt\/viseu\/acomarca\/#primaryimage"},"image":{"@id":"https:\/\/comarcas.csm.org.pt\/viseu\/acomarca\/#primaryimage"},"thumbnailUrl":"https:\/\/comarcas.csm.org.pt\/viseu\/wp-content\/uploads\/sites\/27\/2025\/10\/foto-para-site.png","datePublished":"2021-10-25T11:40:43+00:00","dateModified":"2025-10-23T14:48:30+00:00","breadcrumb":{"@id":"https:\/\/comarcas.csm.org.pt\/viseu\/acomarca\/#breadcrumb"},"inLanguage":"pt-PT","potentialAction":[{"@type":"ReadAction","target":["https:\/\/comarcas.csm.org.pt\/viseu\/acomarca\/"]}]},{"@type":"ImageObject","inLanguage":"pt-PT","@id":"https:\/\/comarcas.csm.org.pt\/viseu\/acomarca\/#primaryimage","url":"https:\/\/comarcas.csm.org.pt\/viseu\/wp-content\/uploads\/sites\/27\/2025\/10\/foto-para-site.png","contentUrl":"https:\/\/comarcas.csm.org.pt\/viseu\/wp-content\/uploads\/sites\/27\/2025\/10\/foto-para-site.png","width":528,"height":370},{"@type":"BreadcrumbList","@id":"https:\/\/comarcas.csm.org.pt\/viseu\/acomarca\/#breadcrumb","itemListElement":[{"@type":"ListItem","position":1,"name":"In\u00edcio","item":"https:\/\/comarcas.csm.org.pt\/viseu\/"},{"@type":"ListItem","position":2,"name":"A Comarca"}]},{"@type":"WebSite","@id":"https:\/\/comarcas.csm.org.pt\/viseu\/#website","url":"https:\/\/comarcas.csm.org.pt\/viseu\/","name":"Tribunal Judicial da Comarca de Viseu","description":"Tribunal Judicial da Comarca de Aveiro","publisher":{"@id":"https:\/\/comarcas.csm.org.pt\/viseu\/#organization"},"potentialAction":[{"@type":"SearchAction","target":{"@type":"EntryPoint","urlTemplate":"https:\/\/comarcas.csm.org.pt\/viseu\/?s={search_term_string}"},"query-input":{"@type":"PropertyValueSpecification","valueRequired":true,"valueName":"search_term_string"}}],"inLanguage":"pt-PT"},{"@type":"Organization","@id":"https:\/\/comarcas.csm.org.pt\/viseu\/#organization","name":"Tribunal Judicial da Comarca de Viseu","url":"https:\/\/comarcas.csm.org.pt\/viseu\/","logo":{"@type":"ImageObject","inLanguage":"pt-PT","@id":"https:\/\/comarcas.csm.org.pt\/viseu\/#\/schema\/logo\/image\/","url":"https:\/\/comarcas.csm.org.pt\/viseu\/wp-content\/uploads\/sites\/27\/2024\/11\/Viseu_positivo-horizontal.png","contentUrl":"https:\/\/comarcas.csm.org.pt\/viseu\/wp-content\/uploads\/sites\/27\/2024\/11\/Viseu_positivo-horizontal.png","width":4331,"height":999,"caption":"Tribunal Judicial da Comarca de Viseu"},"image":{"@id":"https:\/\/comarcas.csm.org.pt\/viseu\/#\/schema\/logo\/image\/"}}]}},"_links":{"self":[{"href":"https:\/\/comarcas.csm.org.pt\/viseu\/wp-json\/wp\/v2\/pages\/2242","targetHints":{"allow":["GET"]}}],"collection":[{"href":"https:\/\/comarcas.csm.org.pt\/viseu\/wp-json\/wp\/v2\/pages"}],"about":[{"href":"https:\/\/comarcas.csm.org.pt\/viseu\/wp-json\/wp\/v2\/types\/page"}],"author":[{"embeddable":true,"href":"https:\/\/comarcas.csm.org.pt\/viseu\/wp-json\/wp\/v2\/users\/1"}],"replies":[{"embeddable":true,"href":"https:\/\/comarcas.csm.org.pt\/viseu\/wp-json\/wp\/v2\/comments?post=2242"}],"version-history":[{"count":26,"href":"https:\/\/comarcas.csm.org.pt\/viseu\/wp-json\/wp\/v2\/pages\/2242\/revisions"}],"predecessor-version":[{"id":12469,"href":"https:\/\/comarcas.csm.org.pt\/viseu\/wp-json\/wp\/v2\/pages\/2242\/revisions\/12469"}],"wp:attachment":[{"href":"https:\/\/comarcas.csm.org.pt\/viseu\/wp-json\/wp\/v2\/media?parent=2242"}],"curies":[{"name":"wp","href":"https:\/\/api.w.org\/{rel}","templated":true}]}}